{"id":203,"date":"2022-01-28T13:56:57","date_gmt":"2022-01-28T13:56:57","guid":{"rendered":"https:\/\/musiktreff-festival.com\/?page_id=203"},"modified":"2022-02-07T13:35:10","modified_gmt":"2022-02-07T13:35:10","slug":"radio","status":"publish","type":"page","link":"https:\/\/musiktreff-festival.com\/?page_id=203","title":{"rendered":"Radio"},"content":{"rendered":"\t\t<div data-elementor-type=\"wp-page\" data-elementor-id=\"203\" class=\"elementor elementor-203\">\n\t\t\t\t\t\t<section class=\"elementor-section elementor-top-section elementor-element elementor-element-df5a553 elementor-section-boxed elementor-section-height-default elementor-section-height-default\" data-id=\"df5a553\" data-element_type=\"section\" data-e-type=\"section\">\n\t\t\t\t\t\t<div class=\"elementor-container elementor-column-gap-default\">\n\t\t\t\t\t<div class=\"elementor-column elementor-col-100 elementor-top-column elementor-element elementor-element-3b16a24\" data-id=\"3b16a24\" data-element_type=\"column\" data-e-type=\"column\">\n\t\t\t<div class=\"elementor-widget-wrap elementor-element-populated\">\n\t\t\t\t\t\t<div class=\"elementor-element elementor-element-d1764ca elementor-widget elementor-widget-text-editor\" data-id=\"d1764ca\" data-element_type=\"widget\" data-e-type=\"widget\" data-widget_type=\"text-editor.default\">\n\t\t\t\t<div class=\"elementor-widget-container\">\n\t\t\t\t\t\t\t\t\t<p>Zu unserem MusikTreff Festival geh\u00f6rt auch ein eigener Radio Sender. Auf diesem gibt es viel zu entdecken. Nicht nur die Acts, die vor Ort sind k\u00f6nnen Sie hier musikalisch genie\u00dfen, nein auch viele andere K\u00fcnstler sind auf unserer Radio Station zu h\u00f6ren.<br>24 Stunden, 7 Tage die Woche &#8211; und am Freitag sind wir immer Live f\u00fcr Sie da.<\/p>\n<p>Damit Sie Ihre Lieblings-Show bei uns finden gibt es einen Sendeplan. H\u00f6ren Sie doch gern mal rein.<\/p>\t\t\t\t\t\t\t\t<\/div>\n\t\t\t\t<\/div>\n\t\t\t\t<div class=\"elementor-element elementor-element-b5429af elementor-widget elementor-widget-image\" data-id=\"b5429af\" data-element_type=\"widget\" data-e-type=\"widget\" data-widget_type=\"image.default\">\n\t\t\t\t<div class=\"elementor-widget-container\">\n\t\t\t\t\t\t\t\t\t\t\t\t\t\t\t\t<a href=\"http:\/\/stream.laut.fm\/musiktreff_beatmusik\">\n\t\t\t\t\t\t\t<img decoding=\"async\" width=\"150\" height=\"150\" src=\"https:\/\/musiktreff-festival.com\/wp-content\/uploads\/2022\/02\/Radio-150x150.png\" class=\"attachment-thumbnail size-thumbnail wp-image-282\" alt=\"\" srcset=\"https:\/\/musiktreff-festival.com\/wp-content\/uploads\/2022\/02\/Radio-150x150.png 150w, https:\/\/musiktreff-festival.com\/wp-content\/uploads\/2022\/02\/Radio-298x300.png 298w, https:\/\/musiktreff-festival.com\/wp-content\/uploads\/2022\/02\/Radio-1018x1024.png 1018w, https:\/\/musiktreff-festival.com\/wp-content\/uploads\/2022\/02\/Radio-768x772.png 768w, https:\/\/musiktreff-festival.com\/wp-content\/uploads\/2022\/02\/Radio-1527x1536.png 1527w, https:\/\/musiktreff-festival.com\/wp-content\/uploads\/2022\/02\/Radio.png 1554w\" sizes=\"(max-width: 150px) 100vw, 150px\" \/>\t\t\t\t\t\t\t\t<\/a>\n\t\t\t\t\t\t\t\t\t\t\t\t\t\t\t<\/div>\n\t\t\t\t<\/div>\n\t\t\t\t\t<\/div>\n\t\t<\/div>\n\t\t\t\t\t<\/div>\n\t\t<\/section>\n\t\t\t\t<section class=\"elementor-section elementor-top-section elementor-element elementor-element-867e304 elementor-section-boxed elementor-section-height-default elementor-section-height-default\" data-id=\"867e304\" data-element_type=\"section\" data-e-type=\"section\">\n\t\t\t\t\t\t<div class=\"elementor-container elementor-column-gap-default\">\n\t\t\t\t\t<div class=\"elementor-column elementor-col-100 elementor-top-column elementor-element elementor-element-55615ca\" data-id=\"55615ca\" data-element_type=\"column\" data-e-type=\"column\">\n\t\t\t<div class=\"elementor-widget-wrap elementor-element-populated\">\n\t\t\t\t\t\t<div class=\"elementor-element elementor-element-ee9db4a elementor-widget elementor-widget-toggle\" data-id=\"ee9db4a\" data-element_type=\"widget\" data-e-type=\"widget\" data-widget_type=\"toggle.default\">\n\t\t\t\t<div class=\"elementor-widget-container\">\n\t\t\t\t\t\t\t<div class=\"elementor-toggle\">\n\t\t\t\t\t\t\t<div class=\"elementor-toggle-item\">\n\t\t\t\t\t<div id=\"elementor-tab-title-2501\" class=\"elementor-tab-title\" data-tab=\"1\" role=\"button\" aria-controls=\"elementor-tab-content-2501\" aria-expanded=\"false\">\n\t\t\t\t\t\t\t\t\t\t\t\t<span class=\"elementor-toggle-icon elementor-toggle-icon-left\" aria-hidden=\"true\">\n\t\t\t\t\t\t\t\t\t\t\t\t\t\t\t<span class=\"elementor-toggle-icon-closed\"><i class=\"fas fa-caret-right\"><\/i><\/span>\n\t\t\t\t\t\t\t\t<span class=\"elementor-toggle-icon-opened\"><i class=\"elementor-toggle-icon-opened fas fa-caret-up\"><\/i><\/span>\n\t\t\t\t\t\t\t\t\t\t\t\t\t<\/span>\n\t\t\t\t\t\t\t\t\t\t\t\t<a class=\"elementor-toggle-title\" tabindex=\"0\">Montag<\/a>\n\t\t\t\t\t<\/div>\n\n\t\t\t\t\t<div id=\"elementor-tab-content-2501\" class=\"elementor-tab-content elementor-clearfix\" data-tab=\"1\" role=\"region\" aria-labelledby=\"elementor-tab-title-2501\"><p>10:00 &#8211; 12:00 Uhr | SOUL &#8211; Die sch\u00f6nsten Soul Hits f\u00fcr deinen Vormittag.<\/p><p>18:00 &#8211; 01:00 Uhr | 60ER JAHRE HIT SHOW &#8211; Du h\u00f6rst die gro\u00dfen Hits der 60er Jahre.<\/p><\/div>\n\t\t\t\t<\/div>\n\t\t\t\t\t\t\t<div class=\"elementor-toggle-item\">\n\t\t\t\t\t<div id=\"elementor-tab-title-2502\" class=\"elementor-tab-title\" data-tab=\"2\" role=\"button\" aria-controls=\"elementor-tab-content-2502\" aria-expanded=\"false\">\n\t\t\t\t\t\t\t\t\t\t\t\t<span class=\"elementor-toggle-icon elementor-toggle-icon-left\" aria-hidden=\"true\">\n\t\t\t\t\t\t\t\t\t\t\t\t\t\t\t<span class=\"elementor-toggle-icon-closed\"><i class=\"fas fa-caret-right\"><\/i><\/span>\n\t\t\t\t\t\t\t\t<span class=\"elementor-toggle-icon-opened\"><i class=\"elementor-toggle-icon-opened fas fa-caret-up\"><\/i><\/span>\n\t\t\t\t\t\t\t\t\t\t\t\t\t<\/span>\n\t\t\t\t\t\t\t\t\t\t\t\t<a class=\"elementor-toggle-title\" tabindex=\"0\">Dienstag<\/a>\n\t\t\t\t\t<\/div>\n\n\t\t\t\t\t<div id=\"elementor-tab-content-2502\" class=\"elementor-tab-content elementor-clearfix\" data-tab=\"2\" role=\"region\" aria-labelledby=\"elementor-tab-title-2502\"><p>18:00 &#8211; 01:00 Uhr | 70ER JAHRE HIT SHOW &#8211; Hier h\u00f6rst du die gro\u00dfen Hits der 70er Jahre.<\/p><\/div>\n\t\t\t\t<\/div>\n\t\t\t\t\t\t\t<div class=\"elementor-toggle-item\">\n\t\t\t\t\t<div id=\"elementor-tab-title-2503\" class=\"elementor-tab-title\" data-tab=\"3\" role=\"button\" aria-controls=\"elementor-tab-content-2503\" aria-expanded=\"false\">\n\t\t\t\t\t\t\t\t\t\t\t\t<span class=\"elementor-toggle-icon elementor-toggle-icon-left\" aria-hidden=\"true\">\n\t\t\t\t\t\t\t\t\t\t\t\t\t\t\t<span class=\"elementor-toggle-icon-closed\"><i class=\"fas fa-caret-right\"><\/i><\/span>\n\t\t\t\t\t\t\t\t<span class=\"elementor-toggle-icon-opened\"><i class=\"elementor-toggle-icon-opened fas fa-caret-up\"><\/i><\/span>\n\t\t\t\t\t\t\t\t\t\t\t\t\t<\/span>\n\t\t\t\t\t\t\t\t\t\t\t\t<a class=\"elementor-toggle-title\" tabindex=\"0\">Mittwoch<\/a>\n\t\t\t\t\t<\/div>\n\n\t\t\t\t\t<div id=\"elementor-tab-content-2503\" class=\"elementor-tab-content elementor-clearfix\" data-tab=\"3\" role=\"region\" aria-labelledby=\"elementor-tab-title-2503\"><p>10:00 &#8211; 12:00 Uhr | DIE GOLDENEN 20ER &#8211; Die 20\u00b4er Jahre pr\u00e4gten die Musik wie kaum ein anderes Jahrzehnt. In <br \/>\u00a0\u00a0\u00a0\u00a0\u00a0\u00a0\u00a0\u00a0\u00a0\u00a0\u00a0\u00a0\u00a0\u00a0\u00a0\u00a0\u00a0\u00a0\u00a0\u00a0\u00a0\u00a0\u00a0\u00a0\u00a0\u00a0\u00a0\u00a0\u00a0\u00a0\u00a0\u00a0\u00a0\u00a0\u00a0\u00a0\u00a0\u00a0\u00a0\u00a0\u00a0\u00a0\u00a0\u00a0\u00a0\u00a0\u00a0\u00a0\u00a0\u00a0\u00a0\u00a0\u00a0\u00a0\u00a0\u00a0\u00a0\u00a0\u00a0\u00a0 unserer Playlist h\u00f6rt ihr die gro\u00dfen Hits dieser \u00c4ra.<\/p><p>18:00 &#8211; 01:00 Uhr | 80ER JAHRE HIT SHOW &#8211; Hier h\u00f6rst du die gro\u00dfen Hits der 80er Jahre.<\/p><\/div>\n\t\t\t\t<\/div>\n\t\t\t\t\t\t\t<div class=\"elementor-toggle-item\">\n\t\t\t\t\t<div id=\"elementor-tab-title-2504\" class=\"elementor-tab-title\" data-tab=\"4\" role=\"button\" aria-controls=\"elementor-tab-content-2504\" aria-expanded=\"false\">\n\t\t\t\t\t\t\t\t\t\t\t\t<span class=\"elementor-toggle-icon elementor-toggle-icon-left\" aria-hidden=\"true\">\n\t\t\t\t\t\t\t\t\t\t\t\t\t\t\t<span class=\"elementor-toggle-icon-closed\"><i class=\"fas fa-caret-right\"><\/i><\/span>\n\t\t\t\t\t\t\t\t<span class=\"elementor-toggle-icon-opened\"><i class=\"elementor-toggle-icon-opened fas fa-caret-up\"><\/i><\/span>\n\t\t\t\t\t\t\t\t\t\t\t\t\t<\/span>\n\t\t\t\t\t\t\t\t\t\t\t\t<a class=\"elementor-toggle-title\" tabindex=\"0\">Donnerstag<\/a>\n\t\t\t\t\t<\/div>\n\n\t\t\t\t\t<div id=\"elementor-tab-content-2504\" class=\"elementor-tab-content elementor-clearfix\" data-tab=\"4\" role=\"region\" aria-labelledby=\"elementor-tab-title-2504\"><p>13:00 &#8211; 15:00 Uhr | MOTOWN HITS &#8211; Wir haben f\u00fcr dich die sch\u00f6nsten Motown Hits in einer Playlist zusammen gestellt.<\/p><p>18:00 &#8211; 01:00 Uhr | 90ER JAHRE HIT SHOW &#8211; Hier h\u00f6rst du die gro\u00dfen hits der 90er Jahre.<\/p><\/div>\n\t\t\t\t<\/div>\n\t\t\t\t\t\t\t<div class=\"elementor-toggle-item\">\n\t\t\t\t\t<div id=\"elementor-tab-title-2505\" class=\"elementor-tab-title\" data-tab=\"5\" role=\"button\" aria-controls=\"elementor-tab-content-2505\" aria-expanded=\"false\">\n\t\t\t\t\t\t\t\t\t\t\t\t<span class=\"elementor-toggle-icon elementor-toggle-icon-left\" aria-hidden=\"true\">\n\t\t\t\t\t\t\t\t\t\t\t\t\t\t\t<span class=\"elementor-toggle-icon-closed\"><i class=\"fas fa-caret-right\"><\/i><\/span>\n\t\t\t\t\t\t\t\t<span class=\"elementor-toggle-icon-opened\"><i class=\"elementor-toggle-icon-opened fas fa-caret-up\"><\/i><\/span>\n\t\t\t\t\t\t\t\t\t\t\t\t\t<\/span>\n\t\t\t\t\t\t\t\t\t\t\t\t<a class=\"elementor-toggle-title\" tabindex=\"0\">Freitag<\/a>\n\t\t\t\t\t<\/div>\n\n\t\t\t\t\t<div id=\"elementor-tab-content-2505\" class=\"elementor-tab-content elementor-clearfix\" data-tab=\"5\" role=\"region\" aria-labelledby=\"elementor-tab-title-2505\"><p>10:00 &#8211; 12:00 Uhr | COUNTRY SHOW &#8211; Ob Old-Country, Classical-Country, Modern-Country oder Country-Rock. In <br \/>\u00a0\u00a0\u00a0\u00a0\u00a0\u00a0\u00a0\u00a0\u00a0\u00a0\u00a0\u00a0\u00a0\u00a0\u00a0\u00a0\u00a0\u00a0\u00a0\u00a0\u00a0\u00a0\u00a0\u00a0\u00a0\u00a0\u00a0\u00a0\u00a0\u00a0\u00a0\u00a0\u00a0\u00a0\u00a0\u00a0\u00a0\u00a0\u00a0\u00a0\u00a0\u00a0\u00a0\u00a0\u00a0\u00a0\u00a0\u00a0\u00a0\u00a0\u00a0\u00a0\u00a0 dieser Sendung ist alles dabei.<\/p><p>18:00 &#8211; 20:30 Uhr | ROCK ABEND &#8211; Die Rocksongs der Musikgeschichte leben an diesem Tag wieder auf. Hier gibts was <br \/>\u00a0\u00a0\u00a0\u00a0\u00a0\u00a0\u00a0\u00a0\u00a0\u00a0\u00a0\u00a0\u00a0\u00a0\u00a0\u00a0\u00a0\u00a0\u00a0\u00a0\u00a0\u00a0\u00a0\u00a0\u00a0\u00a0\u00a0\u00a0\u00a0\u00a0\u00a0\u00a0\u00a0\u00a0\u00a0\u00a0\u00a0\u00a0\u00a0\u00a0\u00a0\u00a0\u00a0\u00a0\u00a0\u00a0\u00a0\u00a0 auf die Ohren.<\/p><p>Ab 20:30 Uhr | LIVE SENDUNG F\u00dcR DEINEN FREITAG ABEND<\/p><p>Danch bis 02:00 Uhr | JAZZ &amp; BLUES LOUNGE &#8211; Von Smooth Jazz zum Tr\u00e4umen bis Blues f\u00fcr die Rhythmus-Liebhaber.<\/p><\/div>\n\t\t\t\t<\/div>\n\t\t\t\t\t\t\t<div class=\"elementor-toggle-item\">\n\t\t\t\t\t<div id=\"elementor-tab-title-2506\" class=\"elementor-tab-title\" data-tab=\"6\" role=\"button\" aria-controls=\"elementor-tab-content-2506\" aria-expanded=\"false\">\n\t\t\t\t\t\t\t\t\t\t\t\t<span class=\"elementor-toggle-icon elementor-toggle-icon-left\" aria-hidden=\"true\">\n\t\t\t\t\t\t\t\t\t\t\t\t\t\t\t<span class=\"elementor-toggle-icon-closed\"><i class=\"fas fa-caret-right\"><\/i><\/span>\n\t\t\t\t\t\t\t\t<span class=\"elementor-toggle-icon-opened\"><i class=\"elementor-toggle-icon-opened fas fa-caret-up\"><\/i><\/span>\n\t\t\t\t\t\t\t\t\t\t\t\t\t<\/span>\n\t\t\t\t\t\t\t\t\t\t\t\t<a class=\"elementor-toggle-title\" tabindex=\"0\">Samstag<\/a>\n\t\t\t\t\t<\/div>\n\n\t\t\t\t\t<div id=\"elementor-tab-content-2506\" class=\"elementor-tab-content elementor-clearfix\" data-tab=\"6\" role=\"region\" aria-labelledby=\"elementor-tab-title-2506\"><p>19:00 &#8211; 02:00 Uhr |DEINE SCHLAGERNACHT &#8211; Schlager der letzten Jahrzehnte &#8211; und das die ganze Nacht<\/p><p>\u00a0<\/p><\/div>\n\t\t\t\t<\/div>\n\t\t\t\t\t\t\t<div class=\"elementor-toggle-item\">\n\t\t\t\t\t<div id=\"elementor-tab-title-2507\" class=\"elementor-tab-title\" data-tab=\"7\" role=\"button\" aria-controls=\"elementor-tab-content-2507\" aria-expanded=\"false\">\n\t\t\t\t\t\t\t\t\t\t\t\t<span class=\"elementor-toggle-icon elementor-toggle-icon-left\" aria-hidden=\"true\">\n\t\t\t\t\t\t\t\t\t\t\t\t\t\t\t<span class=\"elementor-toggle-icon-closed\"><i class=\"fas fa-caret-right\"><\/i><\/span>\n\t\t\t\t\t\t\t\t<span class=\"elementor-toggle-icon-opened\"><i class=\"elementor-toggle-icon-opened fas fa-caret-up\"><\/i><\/span>\n\t\t\t\t\t\t\t\t\t\t\t\t\t<\/span>\n\t\t\t\t\t\t\t\t\t\t\t\t<a class=\"elementor-toggle-title\" tabindex=\"0\">Sonntag<\/a>\n\t\t\t\t\t<\/div>\n\n\t\t\t\t\t<div id=\"elementor-tab-content-2507\" class=\"elementor-tab-content elementor-clearfix\" data-tab=\"7\" role=\"region\" aria-labelledby=\"elementor-tab-title-2507\"><p>18:00 &#8211; 22:00 Uhr |MUSIK AUS DER DDR &#8211; Von Ost-Schlager bis Ost-Rock<\/p><\/div>\n\t\t\t\t<\/div>\n\t\t\t\t\t\t\t\t<\/div>\n\t\t\t\t\t\t<\/div>\n\t\t\t\t<\/div>\n\t\t\t\t\t<\/div>\n\t\t<\/div>\n\t\t\t\t\t<\/div>\n\t\t<\/section>\n\t\t\t\t<\/div>\n\t\t","protected":false},"excerpt":{"rendered":"<p>Zu unserem MusikTreff Festival geh\u00f6rt auch ein eigener Radio Sender. Auf diesem gibt es viel zu entdecken. Nicht nur die Acts, die vor Ort sind k\u00f6nnen Sie hier musikalisch genie\u00dfen, nein auch viele andere K\u00fcnstler sind auf unserer Radio Station zu h\u00f6ren. 24 Stunden, 7 Tage die Woche &#8211; und am Freitag sind wir immer [&hellip;]<\/p>\n","protected":false},"author":1,"featured_media":0,"parent":0,"menu_order":0,"comment_status":"closed","ping_status":"closed","template":"","meta":{"footnotes":""},"class_list":["post-203","page","type-page","status-publish","hentry"],"yoast_head":"<!-- This site is optimized with the Yoast SEO plugin v27.5 - https:\/\/yoast.com\/product\/yoast-seo-wordpress\/ -->\n<title>Radio - MusikTreff<\/title>\n<meta name=\"robots\" content=\"index, follow, max-snippet:-1, max-image-preview:large, max-video-preview:-1\" \/>\n<link rel=\"canonical\" href=\"https:\/\/musiktreff-festival.com\/?page_id=203\" \/>\n<meta property=\"og:locale\" content=\"de_DE\" \/>\n<meta property=\"og:type\" content=\"article\" \/>\n<meta property=\"og:title\" content=\"Radio - MusikTreff\" \/>\n<meta property=\"og:description\" content=\"Zu unserem MusikTreff Festival geh\u00f6rt auch ein eigener Radio Sender. Auf diesem gibt es viel zu entdecken. Nicht nur die Acts, die vor Ort sind k\u00f6nnen Sie hier musikalisch genie\u00dfen, nein auch viele andere K\u00fcnstler sind auf unserer Radio Station zu h\u00f6ren. 24 Stunden, 7 Tage die Woche &#8211; und am Freitag sind wir immer [&hellip;]\" \/>\n<meta property=\"og:url\" content=\"https:\/\/musiktreff-festival.com\/?page_id=203\" \/>\n<meta property=\"og:site_name\" content=\"MusikTreff\" \/>\n<meta property=\"article:modified_time\" content=\"2022-02-07T13:35:10+00:00\" \/>\n<meta property=\"og:image\" content=\"https:\/\/musiktreff-festival.com\/wp-content\/uploads\/2022\/02\/Radio-150x150.png\" \/>\n<meta name=\"twitter:card\" content=\"summary_large_image\" \/>\n<meta name=\"twitter:label1\" content=\"Gesch\u00e4tzte Lesezeit\" \/>\n\t<meta name=\"twitter:data1\" content=\"3\u00a0Minuten\" \/>\n<script type=\"application\/ld+json\" class=\"yoast-schema-graph\">{\"@context\":\"https:\\\/\\\/schema.org\",\"@graph\":[{\"@type\":\"WebPage\",\"@id\":\"https:\\\/\\\/musiktreff-festival.com\\\/?page_id=203\",\"url\":\"https:\\\/\\\/musiktreff-festival.com\\\/?page_id=203\",\"name\":\"Radio - MusikTreff\",\"isPartOf\":{\"@id\":\"https:\\\/\\\/musiktreff-festival.com\\\/#website\"},\"primaryImageOfPage\":{\"@id\":\"https:\\\/\\\/musiktreff-festival.com\\\/?page_id=203#primaryimage\"},\"image\":{\"@id\":\"https:\\\/\\\/musiktreff-festival.com\\\/?page_id=203#primaryimage\"},\"thumbnailUrl\":\"https:\\\/\\\/musiktreff-festival.com\\\/wp-content\\\/uploads\\\/2022\\\/02\\\/Radio-150x150.png\",\"datePublished\":\"2022-01-28T13:56:57+00:00\",\"dateModified\":\"2022-02-07T13:35:10+00:00\",\"breadcrumb\":{\"@id\":\"https:\\\/\\\/musiktreff-festival.com\\\/?page_id=203#breadcrumb\"},\"inLanguage\":\"de\",\"potentialAction\":[{\"@type\":\"ReadAction\",\"target\":[\"https:\\\/\\\/musiktreff-festival.com\\\/?page_id=203\"]}]},{\"@type\":\"ImageObject\",\"inLanguage\":\"de\",\"@id\":\"https:\\\/\\\/musiktreff-festival.com\\\/?page_id=203#primaryimage\",\"url\":\"https:\\\/\\\/musiktreff-festival.com\\\/wp-content\\\/uploads\\\/2022\\\/02\\\/Radio.png\",\"contentUrl\":\"https:\\\/\\\/musiktreff-festival.com\\\/wp-content\\\/uploads\\\/2022\\\/02\\\/Radio.png\",\"width\":1554,\"height\":1563},{\"@type\":\"BreadcrumbList\",\"@id\":\"https:\\\/\\\/musiktreff-festival.com\\\/?page_id=203#breadcrumb\",\"itemListElement\":[{\"@type\":\"ListItem\",\"position\":1,\"name\":\"Startseite\",\"item\":\"https:\\\/\\\/musiktreff-festival.com\\\/\"},{\"@type\":\"ListItem\",\"position\":2,\"name\":\"Radio\"}]},{\"@type\":\"WebSite\",\"@id\":\"https:\\\/\\\/musiktreff-festival.com\\\/#website\",\"url\":\"https:\\\/\\\/musiktreff-festival.com\\\/\",\"name\":\"MusikTreff\",\"description\":\"Willkommen\",\"potentialAction\":[{\"@type\":\"SearchAction\",\"target\":{\"@type\":\"EntryPoint\",\"urlTemplate\":\"https:\\\/\\\/musiktreff-festival.com\\\/?s={search_term_string}\"},\"query-input\":{\"@type\":\"PropertyValueSpecification\",\"valueRequired\":true,\"valueName\":\"search_term_string\"}}],\"inLanguage\":\"de\"}]}<\/script>\n<!-- \/ Yoast SEO plugin. -->","yoast_head_json":{"title":"Radio - MusikTreff","robots":{"index":"index","follow":"follow","max-snippet":"max-snippet:-1","max-image-preview":"max-image-preview:large","max-video-preview":"max-video-preview:-1"},"canonical":"https:\/\/musiktreff-festival.com\/?page_id=203","og_locale":"de_DE","og_type":"article","og_title":"Radio - MusikTreff","og_description":"Zu unserem MusikTreff Festival geh\u00f6rt auch ein eigener Radio Sender. Auf diesem gibt es viel zu entdecken. Nicht nur die Acts, die vor Ort sind k\u00f6nnen Sie hier musikalisch genie\u00dfen, nein auch viele andere K\u00fcnstler sind auf unserer Radio Station zu h\u00f6ren. 24 Stunden, 7 Tage die Woche &#8211; und am Freitag sind wir immer [&hellip;]","og_url":"https:\/\/musiktreff-festival.com\/?page_id=203","og_site_name":"MusikTreff","article_modified_time":"2022-02-07T13:35:10+00:00","og_image":[{"url":"https:\/\/musiktreff-festival.com\/wp-content\/uploads\/2022\/02\/Radio-150x150.png","type":"","width":"","height":""}],"twitter_card":"summary_large_image","twitter_misc":{"Gesch\u00e4tzte Lesezeit":"3\u00a0Minuten"},"schema":{"@context":"https:\/\/schema.org","@graph":[{"@type":"WebPage","@id":"https:\/\/musiktreff-festival.com\/?page_id=203","url":"https:\/\/musiktreff-festival.com\/?page_id=203","name":"Radio - MusikTreff","isPartOf":{"@id":"https:\/\/musiktreff-festival.com\/#website"},"primaryImageOfPage":{"@id":"https:\/\/musiktreff-festival.com\/?page_id=203#primaryimage"},"image":{"@id":"https:\/\/musiktreff-festival.com\/?page_id=203#primaryimage"},"thumbnailUrl":"https:\/\/musiktreff-festival.com\/wp-content\/uploads\/2022\/02\/Radio-150x150.png","datePublished":"2022-01-28T13:56:57+00:00","dateModified":"2022-02-07T13:35:10+00:00","breadcrumb":{"@id":"https:\/\/musiktreff-festival.com\/?page_id=203#breadcrumb"},"inLanguage":"de","potentialAction":[{"@type":"ReadAction","target":["https:\/\/musiktreff-festival.com\/?page_id=203"]}]},{"@type":"ImageObject","inLanguage":"de","@id":"https:\/\/musiktreff-festival.com\/?page_id=203#primaryimage","url":"https:\/\/musiktreff-festival.com\/wp-content\/uploads\/2022\/02\/Radio.png","contentUrl":"https:\/\/musiktreff-festival.com\/wp-content\/uploads\/2022\/02\/Radio.png","width":1554,"height":1563},{"@type":"BreadcrumbList","@id":"https:\/\/musiktreff-festival.com\/?page_id=203#breadcrumb","itemListElement":[{"@type":"ListItem","position":1,"name":"Startseite","item":"https:\/\/musiktreff-festival.com\/"},{"@type":"ListItem","position":2,"name":"Radio"}]},{"@type":"WebSite","@id":"https:\/\/musiktreff-festival.com\/#website","url":"https:\/\/musiktreff-festival.com\/","name":"MusikTreff","description":"Willkommen","potentialAction":[{"@type":"SearchAction","target":{"@type":"EntryPoint","urlTemplate":"https:\/\/musiktreff-festival.com\/?s={search_term_string}"},"query-input":{"@type":"PropertyValueSpecification","valueRequired":true,"valueName":"search_term_string"}}],"inLanguage":"de"}]}},"_links":{"self":[{"href":"https:\/\/musiktreff-festival.com\/index.php?rest_route=\/wp\/v2\/pages\/203","targetHints":{"allow":["GET"]}}],"collection":[{"href":"https:\/\/musiktreff-festival.com\/index.php?rest_route=\/wp\/v2\/pages"}],"about":[{"href":"https:\/\/musiktreff-festival.com\/index.php?rest_route=\/wp\/v2\/types\/page"}],"author":[{"embeddable":true,"href":"https:\/\/musiktreff-festival.com\/index.php?rest_route=\/wp\/v2\/users\/1"}],"replies":[{"embeddable":true,"href":"https:\/\/musiktreff-festival.com\/index.php?rest_route=%2Fwp%2Fv2%2Fcomments&post=203"}],"version-history":[{"count":29,"href":"https:\/\/musiktreff-festival.com\/index.php?rest_route=\/wp\/v2\/pages\/203\/revisions"}],"predecessor-version":[{"id":289,"href":"https:\/\/musiktreff-festival.com\/index.php?rest_route=\/wp\/v2\/pages\/203\/revisions\/289"}],"wp:attachment":[{"href":"https:\/\/musiktreff-festival.com\/index.php?rest_route=%2Fwp%2Fv2%2Fmedia&parent=203"}],"curies":[{"name":"wp","href":"https:\/\/api.w.org\/{rel}","templated":true}]}}